{"id":3565,"date":"2021-03-04T10:58:04","date_gmt":"2021-03-04T09:58:04","guid":{"rendered":"https:\/\/www.jeevan-ayurveda.com\/?page_id=3565"},"modified":"2026-04-21T18:46:24","modified_gmt":"2026-04-21T16:46:24","slug":"startsuite","status":"publish","type":"page","link":"https:\/\/www.jeevan-ayurveda.com\/de\/","title":{"rendered":"Home"},"content":{"rendered":"<div class=\"wpb-content-wrapper\"><p>[vc_row][vc_column]\n\t\t\t<!-- START Portada [ES] REVOLUTION SLIDER 6.6.14 --><p class=\"rs-p-wp-fix\"><\/p>\n\t\t\t<rs-module-wrap id=\"rev_slider_1_1_wrapper\" data-source=\"gallery\" style=\"visibility:hidden;background:transparent;padding:0;margin:0px auto;margin-top:0;margin-bottom:0;\">\n\t\t\t\t<rs-module id=\"rev_slider_1_1\" style=\"\" data-version=\"6.6.14\">\n\t\t\t\t\t<rs-slides style=\"overflow: hidden; position: absolute;\">\n\t\t\t\t\t\t<rs-slide style=\"position: absolute;\" data-key=\"rs-1\" data-title=\"Slide\" data-anim=\"adpr:false;\" data-in=\"o:0;\" data-out=\"a:false;\">\n\t\t\t\t\t\t\t<img decoding=\"async\" src=\"\/\/www.jeevan-ayurveda.com\/wp-content\/plugins\/revslider\/public\/assets\/assets\/dummy.png\" alt=\"\" title=\"Kumari en bowl\" width=\"1920\" height=\"2560\" class=\"rev-slidebg tp-rs-img rs-lazyload\" data-lazyload=\"\/\/www.jeevan-ayurveda.com\/wp-content\/uploads\/2021\/01\/Kumari-en-bowl-scaled.jpg\" data-no-retina>\n<!---->\t\t\t\t\t\t<\/rs-slide>\n\t\t\t\t\t\t<rs-slide style=\"position: absolute;\" data-key=\"rs-4\" data-title=\"Slide\" data-anim=\"adpr:false;\" data-in=\"o:0;\" data-out=\"a:false;\">\n\t\t\t\t\t\t\t<img decoding=\"async\" src=\"\/\/www.jeevan-ayurveda.com\/wp-content\/plugins\/revslider\/public\/assets\/assets\/dummy.png\" alt=\"\" title=\"Jeevan Ayurveda\" width=\"1250\" height=\"900\" class=\"rev-slidebg tp-rs-img rs-lazyload\" data-lazyload=\"\/\/www.jeevan-ayurveda.com\/wp-content\/uploads\/2021\/03\/bolsa-craft-navidad-con-flores-secas.png\" data-bg=\"p:center bottom;\" data-no-retina>\n<!---->\t\t\t\t\t\t<\/rs-slide>\n\t\t\t\t\t\t<rs-slide style=\"position: absolute;\" data-key=\"rs-5\" data-title=\"Slide\" data-anim=\"adpr:false;\" data-in=\"o:0;\" data-out=\"a:false;\">\n\t\t\t\t\t\t\t<img decoding=\"async\" src=\"\/\/www.jeevan-ayurveda.com\/wp-content\/plugins\/revslider\/public\/assets\/assets\/dummy.png\" alt=\"\" title=\"ubtan detox\" width=\"1505\" height=\"817\" class=\"rev-slidebg tp-rs-img rs-lazyload\" data-lazyload=\"\/\/www.jeevan-ayurveda.com\/wp-content\/uploads\/2021\/03\/ubtan-detox-8.jpg\" data-bg=\"p:center bottom;\" data-no-retina>\n<!---->\t\t\t\t\t\t<\/rs-slide>\n\t\t\t\t\t<\/rs-slides>\n\t\t\t\t<\/rs-module>\n\t\t\t\t<script>\n\t\t\t\t\tsetREVStartSize({c: 'rev_slider_1_1',rl:[1240,1024,778,480],el:[900,768,960,720],gw:[1240,1024,778,480],gh:[900,768,960,720],type:'standard',justify:'',layout:'fullwidth',mh:\"0\"});if (window.RS_MODULES!==undefined && window.RS_MODULES.modules!==undefined && window.RS_MODULES.modules[\"revslider11\"]!==undefined) {window.RS_MODULES.modules[\"revslider11\"].once = false;window.revapi1 = undefined;if (window.RS_MODULES.checkMinimal!==undefined) window.RS_MODULES.checkMinimal()}\n\t\t\t\t<\/script>\n\t\t\t<\/rs-module-wrap>\n\t\t\t<!-- END REVOLUTION SLIDER -->\n[\/vc_column][\/vc_row][vc_row][vc_column][vc_empty_space height=&#8220;72px&#8220;]<div class=\"porto-u-heading  wpb_custom_95aa9a11c17ad45cfabaf210d84ee7cc porto-u-2127\"><div class=\"porto-u-main-heading\"><h2   style=\"font-family:Playfair Display; font-weight:700; font-style:italic; color:#666666;font-size:46px;\">Gesunde Sch\u00f6nheit \u2013 nat\u00fcrlich \u2013 Ayurveda Kosmetik \u2013 gewaltfrei \u2013 nachhaltig<\/h2><\/div><style>.porto-u-2127.porto-u-heading{text-align:center}<\/style><\/div>[vc_empty_space height=&#8220;24px&#8220;]<div class=\"porto-just-icon-wrapper porto-icon none\" style=\"color:#273185;font-size:64px;\"><i class=\"porto-icon-angle-double-down\"><\/i><\/div>[vc_empty_space height=&#8220;24px&#8220;]<div class=\"porto-u-heading  wpb_custom_95aa9a11c17ad45cfabaf210d84ee7cc porto-u-7413\"><div class=\"porto-u-main-heading\"><h2   style=\"font-family:Playfair Display; font-weight:700; font-style:italic; color:#273185;font-size:46px;\">Entdecke deine innere Sch\u00f3nheit<\/h2><\/div><style>.porto-u-7413.porto-u-heading{text-align:center}<\/style><\/div>[vc_empty_space height=&#8220;96px&#8220;][\/vc_column][\/vc_row][vc_row equal_height=&#8220;yes&#8220; content_placement=&#8220;middle&#8220;][vc_column width=&#8220;1\/2&#8243;][vc_single_image image=&#8220;3339&#8243; img_size=&#8220;full&#8220; alignment=&#8220;center&#8220;][\/vc_column][vc_column width=&#8220;1\/2&#8243; el_class=&#8220;ja-block-padding ja-block-padding-left&#8220;]<div class=\"porto-u-heading  wpb_custom_95aa9a11c17ad45cfabaf210d84ee7cc porto-u-3512\"><div class=\"porto-u-sub-heading\" style=\"font-weight:400;color: #b3b3b3;font-size:20px;letter-spacing:2px;\">NUESTRA HISTORIA<\/div><style>.porto-u-3512.porto-u-heading{text-align:left}<\/style><\/div><div class=\"porto-u-heading  wpb_custom_95aa9a11c17ad45cfabaf210d84ee7cc porto-u-4851\"><div class=\"porto-u-main-heading\"><h2   style=\"font-family:Playfair Display; font-weight:700; font-style:italic; color:#666666;font-size:42px;\">Eine wundervolle Reise<\/h2><\/div><style>.porto-u-4851.porto-u-heading{text-align:left}<\/style><\/div>[vc_column_text]Vor einigen Jahren, als ich nach Indien reiste, ein Land, das mich schon immer fasziniert hatte, fragte ich mich, wieso diese asiatischen Frauen, so aussergew\u00f6hnlich sch\u00f6n, strahlend und anmutig waren.[\/vc_column_text]<div class=\"porto-btn-ctn-left \"><a class=\"porto-btn porto-adjust-bottom-margin porto-btn-normal porto-btn-center-hz-bg   wpb_custom_fa51088c2567b780100c1edcf8821d3b  porto-btn-left \" title='Nuestra historia' rel='' href = \"\/de\/unsere-geschichte\/\"  data-hover=\"#ffffff\" data-border-color=\"\" data-bg=\"#273185\" data-hover-bg=\"#666666\" data-border-hover=\"\" data-shadow-click=\"none\" data-shadow=\"\" style=\"font-weight:600;font-size:17px;border:none;background: #273185;color: #ffffff;\"><span class=\"porto-btn-hover\" style=\"background-color:#666666\"><\/span><span class=\"porto-btn-data porto-btn-text \" >ENTDECKE MEHR<\/span><\/a><\/div>[\/vc_column][\/vc_row][vc_row][vc_column][vc_empty_space height=&#8220;96px&#8220;]<div class=\"porto-u-heading  wpb_custom_95aa9a11c17ad45cfabaf210d84ee7cc porto-u-3078\"><div class=\"porto-u-sub-heading\" style=\"font-weight:400;color: #b3b3b3;font-size:20px;letter-spacing:2px;\">AYURVEDA, DIE KUNST IN HARMONIE ZU LEBEN<\/div><style>.porto-u-3078.porto-u-heading{text-align:center}<\/style><\/div><div class=\"porto-u-heading  wpb_custom_95aa9a11c17ad45cfabaf210d84ee7cc porto-u-1389\"><div class=\"porto-u-main-heading\"><h2   style=\"font-family:Playfair Display; font-weight:700; font-style:italic; color:#666666;font-size:42px;\">Doshas<\/h2><\/div><style>.porto-u-1389.porto-u-heading{text-align:center}<\/style><\/div>[vc_column_text]<\/p>\n<p style=\"text-align: center;\"><span style=\"font-size: 16px;\">Die einzigartige Kombination dieser f\u00fcnf Elemente (Raum, Luft, Feuer, Wasser und Erde) in jedem von uns wird bestimmen, wer wir sind. Zu wissen, welches Dosha in uns dominiert, wird uns helfen, optimale Entscheidungen zu treffen, sowie ern\u00e4hrungsphysiologisch als auch in der Pflege unserer Haut.<\/span><\/p>\n<p>[\/vc_column_text][vc_empty_space height=&#8220;64px&#8220;][\/vc_column][\/vc_row][vc_row][vc_column width=&#8220;1\/3&#8243; css=&#8220;.vc_custom_1611654598328{padding-right: 48px !important;padding-left: 48px !important;}&#8220;]<div class=\"porto-u-heading  wpb_custom_95aa9a11c17ad45cfabaf210d84ee7cc porto-u-1381\"><div class=\"porto-u-sub-heading\" style=\"font-weight:400;color: #b3b3b3;font-size:20px;letter-spacing:2px;\">VATA<\/div><style>.porto-u-1381.porto-u-heading{text-align:center}<\/style><\/div>[vc_single_image image=&#8220;2892&#8243; img_size=&#8220;full&#8220; alignment=&#8220;center&#8220; css=&#8220;.vc_custom_1613482644751{padding-right: 32px !important;padding-left: 32px !important;}&#8220;][vc_single_image image=&#8220;2566&#8243; img_size=&#8220;full&#8220; alignment=&#8220;center&#8220; css=&#8220;.vc_custom_1611654897343{padding-right: 32px !important;padding-left: 32px !important;}&#8220; el_class=&#8220;ja-opacity-25&#8243;][\/vc_column][vc_column width=&#8220;1\/3&#8243; css=&#8220;.vc_custom_1611654603665{padding-right: 48px !important;padding-left: 48px !important;}&#8220;]<div class=\"porto-u-heading  wpb_custom_95aa9a11c17ad45cfabaf210d84ee7cc porto-u-4791\"><div class=\"porto-u-sub-heading\" style=\"font-weight:400;color: #b3b3b3;font-size:20px;letter-spacing:2px;\">PITTA<\/div><style>.porto-u-4791.porto-u-heading{text-align:center}<\/style><\/div>[vc_single_image image=&#8220;2561&#8243; img_size=&#8220;full&#8220; alignment=&#8220;center&#8220; css=&#8220;.vc_custom_1611654520454{padding-right: 32px !important;padding-left: 32px !important;}&#8220;][vc_single_image image=&#8220;2566&#8243; img_size=&#8220;full&#8220; alignment=&#8220;center&#8220; css=&#8220;.vc_custom_1611654903255{padding-right: 32px !important;padding-left: 32px !important;}&#8220; el_class=&#8220;ja-opacity-25&#8243;][\/vc_column][vc_column width=&#8220;1\/3&#8243; css=&#8220;.vc_custom_1611654609117{padding-right: 48px !important;padding-left: 48px !important;}&#8220;]<div class=\"porto-u-heading  wpb_custom_95aa9a11c17ad45cfabaf210d84ee7cc porto-u-9827\"><div class=\"porto-u-sub-heading\" style=\"font-weight:400;color: #b3b3b3;font-size:20px;letter-spacing:2px;\">KAPHA<\/div><style>.porto-u-9827.porto-u-heading{text-align:center}<\/style><\/div>[vc_single_image image=&#8220;2560&#8243; img_size=&#8220;full&#8220; alignment=&#8220;center&#8220; css=&#8220;.vc_custom_1611654525682{padding-right: 32px !important;padding-left: 32px !important;}&#8220;][vc_single_image image=&#8220;2566&#8243; img_size=&#8220;full&#8220; alignment=&#8220;center&#8220; css=&#8220;.vc_custom_1611654907708{padding-right: 32px !important;padding-left: 32px !important;}&#8220; el_class=&#8220;ja-opacity-25&#8243;][\/vc_column][\/vc_row][vc_row][vc_column][vc_empty_space height=&#8220;64px&#8220;]<div class=\"porto-btn-ctn-center \"><a class=\"porto-btn porto-adjust-bottom-margin porto-btn-normal porto-btn-center-hz-bg   wpb_custom_fa51088c2567b780100c1edcf8821d3b  porto-btn-center \"  rel='' href = \"\/de\/doshas\/#test_dosha\"  data-hover=\"#ffffff\" data-border-color=\"\" data-bg=\"#273185\" data-hover-bg=\"#666666\" data-border-hover=\"\" data-shadow-click=\"none\" data-shadow=\"\" style=\"font-weight:600;font-size:17px;border:none;background: #273185;color: #ffffff;\"><span class=\"porto-btn-hover\" style=\"background-color:#666666\"><\/span><span class=\"porto-btn-data porto-btn-text \" >WELCHER HAUTTYP BIST DU?<\/span><\/a><\/div>[vc_empty_space height=&#8220;96px&#8220;][\/vc_column][\/vc_row][vc_section full_width=&#8220;stretch_row&#8220; content_placement=&#8220;middle&#8220; css=&#8220;.vc_custom_1611653309304{background-image: url(https:\/\/www.jeevan-ayurveda.com\/wp-content\/uploads\/2021\/01\/frase_fondo.png?id=2551) !important;background-position: center !important;background-repeat: no-repeat !important;background-size: cover !important;}&#8220;][vc_row][vc_column width=&#8220;1\/4&#8243;][\/vc_column][vc_column width=&#8220;1\/2&#8243;][vc_empty_space height=&#8220;64px&#8220;]<div class=\"porto-u-heading  wpb_custom_95aa9a11c17ad45cfabaf210d84ee7cc porto-u-1772\"><div class=\"porto-u-main-heading\"><h2   style=\"font-family:Playfair Display; font-weight:700; font-style:italic; color:#273286;font-size:36px;\">Lassen Sie uns sagen, dass unsere Rezepturen f\u00fcr sich selbst sprechen. Genie\u00dfen Sie einfach die einzigartige Empfindung, wie die \u00d6le, die Kr\u00e4uter, die Gew\u00fcrze und die Bl\u00fcten in die tiefsten Schichten Ihrer Haut eindringen.<\/h2><\/div><style>.porto-u-1772.porto-u-heading{text-align:center}<\/style><\/div>[vc_empty_space height=&#8220;64px&#8220;][\/vc_column][vc_column width=&#8220;1\/4&#8243;][\/vc_column][\/vc_row][\/vc_section][vc_section][vc_row][vc_column][vc_empty_space height=&#8220;96px&#8220;]<div class=\"porto-u-heading  wpb_custom_95aa9a11c17ad45cfabaf210d84ee7cc porto-u-2675\"><div class=\"porto-u-main-heading\"><h2   style=\"font-family:Playfair Display; font-weight:700; font-style:italic; color:#666666;font-size:42px;\">Produkte<\/h2><\/div><style>.porto-u-2675.porto-u-heading{text-align:left}<\/style><\/div>[vc_column_text]<span style=\"font-size: 16px;\">Entdecke in unserem Katalog unsere Produkte.<\/span>[\/vc_column_text][vc_separator color=&#8220;custom&#8220; border_width=&#8220;2&#8243; gap=&#8220;short&#8220; accent_color=&#8220;#273185&#8243;][vc_empty_space][\/vc_column][\/vc_row][vc_row no_padding=&#8220;yes&#8220; el_class=&#8220;ja-catalog-links&#8220;][vc_column width=&#8220;1\/4&#8243;][vc_empty_space height=&#8220;16px&#8220;][vc_single_image image=&#8220;2570&#8243; img_size=&#8220;full&#8220; onclick=&#8220;custom_link&#8220; css=&#8220;.vc_custom_1622039996532{margin-bottom: 16px !important;padding-right: 32px !important;padding-bottom: 0px !important;padding-left: 32px !important;}&#8220; link=&#8220;\/de\/produkt-kategorie\/gesicht&#8220;]<div class=\"porto-u-heading  wpb_custom_95aa9a11c17ad45cfabaf210d84ee7cc porto-u-2304\"><div class=\"porto-u-sub-heading\" style=\"font-weight:400;color: #273286;font-size:20px;letter-spacing:1px;\"><a href=\"\/de\/produkt-kategorie\/gesicht\">GESICHT<\/a><\/div><style>.porto-u-2304.porto-u-heading{text-align:center}<\/style><\/div>[vc_empty_space height=&#8220;16px&#8220;][\/vc_column][vc_column width=&#8220;1\/4&#8243;][vc_empty_space height=&#8220;16px&#8220;][vc_single_image image=&#8220;2585&#8243; img_size=&#8220;full&#8220; onclick=&#8220;custom_link&#8220; css=&#8220;.vc_custom_1622039966747{margin-bottom: 16px !important;padding-right: 32px !important;padding-bottom: 0px !important;padding-left: 32px !important;}&#8220; link=&#8220;\/de\/produkt-kategorie\/koerper&#8220;]<div class=\"porto-u-heading  wpb_custom_95aa9a11c17ad45cfabaf210d84ee7cc porto-u-5108\"><div class=\"porto-u-sub-heading\" style=\"font-weight:400;color: #273286;font-size:20px;letter-spacing:1px;\"><a href=\"\/de\/produkt-kategorie\/koerper\">K\u00d6RPER<\/a><\/div><style>.porto-u-5108.porto-u-heading{text-align:center}<\/style><\/div>[vc_empty_space height=&#8220;16px&#8220;][\/vc_column][vc_column width=&#8220;1\/4&#8243;][vc_empty_space height=&#8220;16px&#8220;][vc_single_image image=&#8220;2586&#8243; img_size=&#8220;full&#8220; onclick=&#8220;custom_link&#8220; css=&#8220;.vc_custom_1622040029797{margin-bottom: 16px !important;padding-right: 32px !important;padding-bottom: 0px !important;padding-left: 32px !important;}&#8220; link=&#8220;\/de\/produkt-kategorie\/gesichtsreinigung&#8220;]<div class=\"porto-u-heading  wpb_custom_95aa9a11c17ad45cfabaf210d84ee7cc porto-u-8391\"><div class=\"porto-u-sub-heading\" style=\"font-weight:400;color: #273286;font-size:20px;letter-spacing:1px;\"><a href=\"\/de\/produkt-kategorie\/gesichtsreinigung\">GESICHTSREINIGUNG<\/a><\/div><style>.porto-u-8391.porto-u-heading{text-align:center}<\/style><\/div>[vc_empty_space height=&#8220;16px&#8220;][\/vc_column][vc_column width=&#8220;1\/4&#8243;][vc_empty_space height=&#8220;16px&#8220;][vc_single_image image=&#8220;2587&#8243; img_size=&#8220;full&#8220; onclick=&#8220;custom_link&#8220; css=&#8220;.vc_custom_1622040057448{margin-bottom: 16px !important;padding-right: 32px !important;padding-bottom: 0px !important;padding-left: 32px !important;}&#8220; link=&#8220;\/de\/produkt-kategorie\/haare&#8220;]<div class=\"porto-u-heading  wpb_custom_95aa9a11c17ad45cfabaf210d84ee7cc porto-u-5028\"><div class=\"porto-u-sub-heading\" style=\"font-weight:400;color: #273286;font-size:20px;letter-spacing:1px;\"><a href=\"\/de\/produkt-kategorie\/haare\">HAARE<\/a><\/div><style>.porto-u-5028.porto-u-heading{text-align:center}<\/style><\/div>[vc_empty_space height=&#8220;16px&#8220;][\/vc_column][\/vc_row][vc_row no_padding=&#8220;yes&#8220; disable_element=&#8220;yes&#8220; el_class=&#8220;ja-catalog-links&#8220;][vc_column width=&#8220;3\/12&#8243;][vc_empty_space height=&#8220;16px&#8220;][vc_single_image image=&#8220;2588&#8243; img_size=&#8220;full&#8220; onclick=&#8220;custom_link&#8220; css=&#8220;.vc_custom_1611659841225{margin-bottom: 16px !important;padding-right: 32px !important;padding-bottom: 0px !important;padding-left: 32px !important;}&#8220; link=&#8220;\/es\/productos\/rostro&#8220;]<div class=\"porto-u-heading  wpb_custom_95aa9a11c17ad45cfabaf210d84ee7cc porto-u-8442\"><div class=\"porto-u-sub-heading\" style=\"font-weight:400;color: #273286;font-size:20px;letter-spacing:1px;\"><a href=\"\/es\/productos\/infusiones\">INFUSIONES<\/a><\/div><style>.porto-u-8442.porto-u-heading{text-align:center}<\/style><\/div>[vc_empty_space height=&#8220;16px&#8220;][\/vc_column][vc_column width=&#8220;3\/12&#8243;][vc_empty_space height=&#8220;16px&#8220;][vc_single_image image=&#8220;2589&#8243; img_size=&#8220;full&#8220; onclick=&#8220;custom_link&#8220; css=&#8220;.vc_custom_1611659859223{margin-bottom: 16px !important;padding-right: 32px !important;padding-bottom: 0px !important;padding-left: 32px !important;}&#8220; link=&#8220;\/es\/productos\/rostro&#8220;]<div class=\"porto-u-heading  wpb_custom_95aa9a11c17ad45cfabaf210d84ee7cc porto-u-1499\"><div class=\"porto-u-sub-heading\" style=\"font-weight:400;color: #273286;font-size:20px;letter-spacing:1px;\"><a href=\"\/es\/productos\/incienso\">STICKS DE INCIENSO<\/a><\/div><style>.porto-u-1499.porto-u-heading{text-align:center}<\/style><\/div>[vc_empty_space height=&#8220;16px&#8220;][\/vc_column][vc_column width=&#8220;3\/12&#8243;][vc_empty_space height=&#8220;16px&#8220;][vc_single_image image=&#8220;2590&#8243; img_size=&#8220;full&#8220; onclick=&#8220;custom_link&#8220; css=&#8220;.vc_custom_1611659878245{margin-bottom: 16px !important;padding-right: 32px !important;padding-bottom: 0px !important;padding-left: 32px !important;}&#8220; link=&#8220;\/es\/productos\/rostro&#8220;]<div class=\"porto-u-heading  wpb_custom_95aa9a11c17ad45cfabaf210d84ee7cc porto-u-4914\"><div class=\"porto-u-sub-heading\" style=\"font-weight:400;color: #273286;font-size:20px;letter-spacing:1px;\"><a href=\"\/es\/productos\/objetos-belleza\">OBJETOS DE BELLEZA<\/a><\/div><style>.porto-u-4914.porto-u-heading{text-align:center}<\/style><\/div>[vc_empty_space height=&#8220;16px&#8220;][\/vc_column][\/vc_row][vc_row el_class=&#8220;ja-catalog-links&#8220;][vc_column width=&#8220;1\/12&#8243;][\/vc_column][vc_column width=&#8220;10\/12&#8243;][vc_row_inner][vc_column_inner width=&#8220;1\/3&#8243;][vc_empty_space height=&#8220;16px&#8220;][vc_single_image image=&#8220;2588&#8243; img_size=&#8220;full&#8220; onclick=&#8220;custom_link&#8220; css=&#8220;.vc_custom_1622040085940{margin-bottom: 16px !important;padding-right: 42px !important;padding-bottom: 0px !important;padding-left: 42px !important;}&#8220; link=&#8220;\/de\/produkt-kategorie\/tees&#8220;]<div class=\"porto-u-heading  wpb_custom_95aa9a11c17ad45cfabaf210d84ee7cc porto-u-3675\"><div class=\"porto-u-sub-heading\" style=\"font-weight:400;color: #273286;font-size:20px;letter-spacing:1px;\"><a href=\"\/de\/produkt-kategorie\/tees\">TEES<\/a><\/div><style>.porto-u-3675.porto-u-heading{text-align:center}<\/style><\/div>[vc_empty_space height=&#8220;16px&#8220;][\/vc_column_inner][vc_column_inner width=&#8220;1\/3&#8243;][vc_empty_space height=&#8220;16px&#8220;][vc_single_image image=&#8220;2589&#8243; img_size=&#8220;full&#8220; onclick=&#8220;custom_link&#8220; css=&#8220;.vc_custom_1622040117527{margin-bottom: 16px !important;padding-right: 42px !important;padding-bottom: 0px !important;padding-left: 42px !important;}&#8220; link=&#8220;\/de\/produkt-kategorie\/raeucherstaebchen&#8220;]<div class=\"porto-u-heading  wpb_custom_95aa9a11c17ad45cfabaf210d84ee7cc porto-u-6605\"><div class=\"porto-u-sub-heading\" style=\"font-weight:400;color: #273286;font-size:20px;letter-spacing:1px;\"><a href=\"\/de\/produkt-kategorie\/raeucherstaebchen\">R\u00c4UCHERST\u00c4BCHEN<\/a><\/div><style>.porto-u-6605.porto-u-heading{text-align:center}<\/style><\/div>[vc_empty_space height=&#8220;16px&#8220;][\/vc_column_inner][vc_column_inner width=&#8220;1\/3&#8243;][vc_empty_space height=&#8220;16px&#8220;][vc_single_image image=&#8220;2590&#8243; img_size=&#8220;full&#8220; onclick=&#8220;custom_link&#8220; css=&#8220;.vc_custom_1622040150214{margin-bottom: 16px !important;padding-right: 42px !important;padding-bottom: 0px !important;padding-left: 42px !important;}&#8220; link=&#8220;\/de\/produkt-kategorie\/artikel-fuer-die-schoenheit&#8220;]<div class=\"porto-u-heading  wpb_custom_95aa9a11c17ad45cfabaf210d84ee7cc porto-u-2605\"><div class=\"porto-u-sub-heading\" style=\"font-weight:400;color: #273286;font-size:20px;letter-spacing:1px;\"><a href=\"\/de\/produkt-kategorie\/artikel-fuer-die-schoenheit\">ARTIKEL F\u00dcR DIE SCH\u00d6NHEIT<\/a><\/div><style>.porto-u-2605.porto-u-heading{text-align:center}<\/style><\/div>[vc_empty_space height=&#8220;16px&#8220;][\/vc_column_inner][\/vc_row_inner][\/vc_column][vc_column width=&#8220;1\/12&#8243;][\/vc_column][\/vc_row][\/vc_section][vc_section][vc_row][vc_column][vc_empty_space height=&#8220;96px&#8220;][\/vc_column][\/vc_row][vc_row equal_height=&#8220;yes&#8220; content_placement=&#8220;middle&#8220;][vc_column width=&#8220;1\/2&#8243; el_class=&#8220;ja-block-padding ja-block-padding-right&#8220;]<div class=\"porto-u-heading  wpb_custom_95aa9a11c17ad45cfabaf210d84ee7cc porto-u-6831\"><div class=\"porto-u-sub-heading\" style=\"font-weight:400;color: #b3b3b3;font-size:20px;letter-spacing:2px;\">PROFESSIONELLE<\/div><style>.porto-u-6831.porto-u-heading{text-align:left}<\/style><\/div><div class=\"porto-u-heading  wpb_custom_95aa9a11c17ad45cfabaf210d84ee7cc porto-u-2309\"><div class=\"porto-u-main-heading\"><h2   style=\"font-family:Playfair Display; font-weight:700; font-style:italic; color:#666666;font-size:42px;\">Die besten Produkte f\u00fcr dein Gesch\u00e1ft<\/h2><\/div><style>.porto-u-2309.porto-u-heading{text-align:left}<\/style><\/div>[vc_column_text]<span style=\"font-size: 16px;\">Wir stehen f\u00fcr alles was du brauchst zu deiner Verf\u00fcgung. In diesen schwierigen Zeiten helfen Qualit\u00e4t, Personifizierung und Differenzierung dein Gesch\u00e4ft zu reaktivieren.<\/span>[\/vc_column_text]<div class=\"porto-btn-ctn-left \"><a class=\"porto-btn porto-adjust-bottom-margin porto-btn-normal porto-btn-center-hz-bg   wpb_custom_fa51088c2567b780100c1edcf8821d3b  porto-btn-left \" title='Professionelle' rel='' href = \"\/de\/professionelle\/\"  data-hover=\"#ffffff\" data-border-color=\"\" data-bg=\"#273185\" data-hover-bg=\"#666666\" data-border-hover=\"\" data-shadow-click=\"none\" data-shadow=\"\" style=\"font-weight:600;font-size:17px;border:none;background: #273185;color: #ffffff;\"><span class=\"porto-btn-hover\" style=\"background-color:#666666\"><\/span><span class=\"porto-btn-data porto-btn-text \" >ENTDECKE MEHR<\/span><\/a><\/div>[\/vc_column][vc_column width=&#8220;1\/2&#8243;][vc_single_image image=&#8220;2543&#8243; img_size=&#8220;full&#8220; alignment=&#8220;center&#8220;][\/vc_column][\/vc_row][vc_row][vc_column][vc_empty_space height=&#8220;64px&#8220;][\/vc_column][\/vc_row][vc_row equal_height=&#8220;yes&#8220; content_placement=&#8220;middle&#8220;][vc_column width=&#8220;1\/2&#8243;][vc_single_image image=&#8220;2541&#8243; img_size=&#8220;full&#8220; alignment=&#8220;center&#8220;][\/vc_column][vc_column width=&#8220;1\/2&#8243; el_class=&#8220;ja-block-padding ja-block-padding-left&#8220;]<div class=\"porto-u-heading  wpb_custom_95aa9a11c17ad45cfabaf210d84ee7cc porto-u-9281\"><div class=\"porto-u-sub-heading\" style=\"font-weight:400;color: #b3b3b3;font-size:20px;letter-spacing:2px;\">LASS DICH INSPIRIEREN<\/div><style>.porto-u-9281.porto-u-heading{text-align:left}<\/style><\/div><div class=\"porto-u-heading  wpb_custom_95aa9a11c17ad45cfabaf210d84ee7cc porto-u-9093\"><div class=\"porto-u-main-heading\"><h2   style=\"font-family:Playfair Display; font-weight:700; font-style:italic; color:#666666;font-size:42px;\">Lass dich von uns inspirieren<\/h2><\/div><style>.porto-u-9093.porto-u-heading{text-align:left}<\/style><\/div>[vc_column_text]<span style=\"font-size: 16px;\">Das Ziel von Jeevan Ayurveda ist, das Kr\u00e4uterwissen und die authentischen Arbeitsweisen des Ayurveda zu vermitteln und n\u00e4her zu bringen, angepasst an unsere Zeit und unsere Gesellschaft.<\/span>[\/vc_column_text]<div class=\"porto-btn-ctn-left \"><a class=\"porto-btn porto-adjust-bottom-margin porto-btn-normal porto-btn-center-hz-bg   wpb_custom_fa51088c2567b780100c1edcf8821d3b  porto-btn-left \" title='Kurse' rel='' href = \"\/de\/kurse\/\"  data-hover=\"#ffffff\" data-border-color=\"\" data-bg=\"#273185\" data-hover-bg=\"#666666\" data-border-hover=\"\" data-shadow-click=\"none\" data-shadow=\"\" style=\"font-weight:600;font-size:17px;border:none;background: #273185;color: #ffffff;\"><span class=\"porto-btn-hover\" style=\"background-color:#666666\"><\/span><span class=\"porto-btn-data porto-btn-text \" >SIEHE UNSERE KURSE<\/span><\/a><\/div>[\/vc_column][\/vc_row][vc_row][vc_column][vc_empty_space][\/vc_column][\/vc_row][\/vc_section][vc_section][vc_row][vc_column][vc_empty_space height=&#8220;96px&#8220;]<div class=\"porto-u-heading  wpb_custom_95aa9a11c17ad45cfabaf210d84ee7cc porto-u-3286\"><div class=\"porto-u-main-heading\"><h2   style=\"font-family:Playfair Display; font-weight:700; font-style:italic; color:#666666;font-size:42px;\">Saisonale Empfehlungen<\/h2><\/div><style>.porto-u-3286.porto-u-heading{text-align:left}<\/style><\/div>[vc_column_text]<span style=\"font-size: 16px;\">Unsere Kunden kennen schon die Qualit\u00e4t, die wir bieten. Dieses sind ihre Produktfavoriten.<\/span>[\/vc_column_text][vc_separator color=&#8220;custom&#8220; border_width=&#8220;2&#8243; gap=&#8220;short&#8220; accent_color=&#8220;#273185&#8243;][vc_empty_space][\/vc_column][\/vc_row][vc_row][vc_column]<div id=\"porto-products-6912\" class=\"porto-products wpb_content_element theme_option wpb_custom_4ddbe50cff95ebb2e41db4da8cf105ff\"><div class=\"slider-wrapper\"><div class=\"woocommerce columns-3 \"><ul class=\"products products-container products-slider owl-carousel show-nav-middle pcols-lg-3 pcols-md-3 pcols-xs-2 pcols-ls-2 pwidth-lg-3 pwidth-md-3 pwidth-xs-2 pwidth-ls-1 is-shortcode\"\r\n\t\tdata-plugin-options=\"{&quot;themeConfig&quot;:true,&quot;lg&quot;:3,&quot;md&quot;:3,&quot;xs&quot;:2,&quot;ls&quot;:2,&quot;nav&quot;:true}\" data-product_layout=\"product-outimage_aq_onimage\">\r\n\r\n<li class=\"product-col product-outimage_aq_onimage product type-product post-8866 status-publish first instock product_cat-gesicht has-post-thumbnail featured taxable shipping-taxable purchasable product-type-simple\">\r\n<div class=\"product-inner\">\r\n\t\r\n\t<div class=\"product-image\">\r\n\r\n\t\t<a  href=\"https:\/\/www.jeevan-ayurveda.com\/de\/produkt\/safran-haridra-erhabene-kumkumadi-maske-oeko-zertifiziert\/\" aria-label=\"product\">\r\n\t\t\t<div class=\"labels\"><div class=\"onhot\">Nuevo<\/div><\/div><div class=\"inner img-effect\"><img loading=\"lazy\" decoding=\"async\" width=\"300\" height=\"300\" src=\"https:\/\/www.jeevan-ayurveda.com\/wp-content\/uploads\/2025\/04\/Sublime-Kumkumadi-mask-caixa-i-pot-002-300x300.jpg\" class=\" wp-post-image\" alt=\"\" \/><img loading=\"lazy\" decoding=\"async\" width=\"300\" height=\"300\" src=\"https:\/\/www.jeevan-ayurveda.com\/wp-content\/uploads\/2025\/04\/Sublime-Kumkumadi-mask-pot-002-300x300.jpg\" class=\"hover-image\" alt=\"\" \/><\/div>\t\t<\/a>\r\n\t\t\t<div class=\"links-on-image\">\r\n\t\t\t<div class=\"add-links-wrap\">\r\n\t<div class=\"add-links no-effect clearfix\">\r\n\t\t<a href=\"?add-to-cart=8866\" data-quantity=\"1\" class=\"viewcart-style-2 button product_type_simple add_to_cart_button ajax_add_to_cart\" data-product_id=\"8866\" data-product_sku=\"\" aria-label=\"In den Warenkorb legen: \u201eSafran &amp; Haridra. Erhabene Kumkumadi Maske. \u00d6ko-zertifiziert. 50ml\u201c\" aria-describedby=\"\" rel=\"nofollow\">In den Warenkorb<\/a>\t<\/div>\r\n\t<\/div>\r\n\t\t<\/div>\r\n\t\t\t<\/div>\r\n\r\n\t<div class=\"product-content\">\r\n\t\t<span class=\"category-list\"><a href=\"https:\/\/www.jeevan-ayurveda.com\/de\/produkt-kategorie\/gesicht\/\" rel=\"tag\">GESICHT<\/a><\/span>\r\n\t\t\t<a class=\"product-loop-title\"  href=\"https:\/\/www.jeevan-ayurveda.com\/de\/produkt\/safran-haridra-erhabene-kumkumadi-maske-oeko-zertifiziert\/\">\r\n\t<h3 class=\"woocommerce-loop-product__title\">Safran &#038; Haridra. Erhabene Kumkumadi Maske. \u00d6ko-zertifiziert. 50ml<\/h3>\t<\/a>\r\n\t\r\n\t\t\n\t<span class=\"price\"><span class=\"woocommerce-Price-amount amount\"><bdi>58,00<span class=\"woocommerce-Price-currencySymbol\">&euro;<\/span><\/bdi><\/span> <small class=\"woocommerce-price-suffix\">Impuestos inc.<\/small><\/span>\n\r\n\t\t\t<\/div>\r\n<\/div>\r\n<\/li>\r\n\r\n<li class=\"product-col product-outimage_aq_onimage product type-product post-9045 status-publish instock product_cat-gesicht product_cat-gesichtsreinigung product_cat-koerper has-post-thumbnail featured taxable shipping-taxable purchasable product-type-simple\">\r\n<div class=\"product-inner\">\r\n\t\r\n\t<div class=\"product-image\">\r\n\r\n\t\t<a  href=\"https:\/\/www.jeevan-ayurveda.com\/de\/produkt\/nirama-reines-reinigungsoel\/\" aria-label=\"product\">\r\n\t\t\t<div class=\"labels\"><div class=\"onhot\">Nuevo<\/div><\/div><div class=\"inner img-effect\"><img loading=\"lazy\" decoding=\"async\" width=\"300\" height=\"300\" src=\"https:\/\/www.jeevan-ayurveda.com\/wp-content\/uploads\/2025\/06\/Oil-Nirama-Caixa-i-Pot-002-300x300.jpg\" class=\" wp-post-image\" alt=\"\" \/><img loading=\"lazy\" decoding=\"async\" width=\"300\" height=\"300\" src=\"https:\/\/www.jeevan-ayurveda.com\/wp-content\/uploads\/2025\/06\/Bodego-Nirama-Oil1-002-300x300.jpg\" class=\"hover-image\" alt=\"\" \/><\/div>\t\t<\/a>\r\n\t\t\t<div class=\"links-on-image\">\r\n\t\t\t<div class=\"add-links-wrap\">\r\n\t<div class=\"add-links no-effect clearfix\">\r\n\t\t<a href=\"?add-to-cart=9045\" data-quantity=\"1\" class=\"viewcart-style-2 button product_type_simple add_to_cart_button ajax_add_to_cart\" data-product_id=\"9045\" data-product_sku=\"\" aria-label=\"In den Warenkorb legen: \u201eNirama. Reines Reinigungs\u00f6l\u201c\" aria-describedby=\"\" rel=\"nofollow\">In den Warenkorb<\/a>\t<\/div>\r\n\t<\/div>\r\n\t\t<\/div>\r\n\t\t\t<\/div>\r\n\r\n\t<div class=\"product-content\">\r\n\t\t<span class=\"category-list\"><a href=\"https:\/\/www.jeevan-ayurveda.com\/de\/produkt-kategorie\/gesicht\/\" rel=\"tag\">GESICHT<\/a>, <a href=\"https:\/\/www.jeevan-ayurveda.com\/de\/produkt-kategorie\/gesichtsreinigung\/\" rel=\"tag\">GESICHTSREINIGUNG<\/a>, <a href=\"https:\/\/www.jeevan-ayurveda.com\/de\/produkt-kategorie\/koerper\/\" rel=\"tag\">K\u00d6RPER<\/a><\/span>\r\n\t\t\t<a class=\"product-loop-title\"  href=\"https:\/\/www.jeevan-ayurveda.com\/de\/produkt\/nirama-reines-reinigungsoel\/\">\r\n\t<h3 class=\"woocommerce-loop-product__title\">Nirama. Reines Reinigungs\u00f6l<\/h3>\t<\/a>\r\n\t\r\n\t\t\n\t<span class=\"price\"><span class=\"woocommerce-Price-amount amount\"><bdi>59,00<span class=\"woocommerce-Price-currencySymbol\">&euro;<\/span><\/bdi><\/span> <small class=\"woocommerce-price-suffix\">Impuestos inc.<\/small><\/span>\n\r\n\t\t\t<\/div>\r\n<\/div>\r\n<\/li>\r\n\r\n<li class=\"product-col product-outimage_aq_onimage product type-product post-4601 status-publish last instock product_cat-gesicht has-post-thumbnail taxable shipping-taxable purchasable product-type-simple\">\r\n<div class=\"product-inner\">\r\n\t\r\n\t<div class=\"product-image\">\r\n\r\n\t\t<a  href=\"https:\/\/www.jeevan-ayurveda.com\/de\/produkt\/ageless-rice-camellia-rasayana-cream-oeko-zertifiziert\/\" aria-label=\"product\">\r\n\t\t\t<div class=\"inner img-effect\"><img loading=\"lazy\" decoding=\"async\" width=\"300\" height=\"300\" src=\"https:\/\/www.jeevan-ayurveda.com\/wp-content\/uploads\/2021\/03\/Ageless-caja-300x300.jpg\" class=\" wp-post-image\" alt=\"\" \/><img loading=\"lazy\" decoding=\"async\" width=\"300\" height=\"300\" src=\"https:\/\/www.jeevan-ayurveda.com\/wp-content\/uploads\/2021\/03\/ageless-frasco-300x300.jpg\" class=\"hover-image\" alt=\"\" \/><\/div>\t\t<\/a>\r\n\t\t\t<div class=\"links-on-image\">\r\n\t\t\t<div class=\"add-links-wrap\">\r\n\t<div class=\"add-links no-effect clearfix\">\r\n\t\t<a href=\"?add-to-cart=4601\" data-quantity=\"1\" class=\"viewcart-style-2 button product_type_simple add_to_cart_button ajax_add_to_cart\" data-product_id=\"4601\" data-product_sku=\"\" aria-label=\"In den Warenkorb legen: \u201eAgeless - Rice &amp; Camellia - Rasayana cream - \u00d6ko Zertifiziert\u201c\" aria-describedby=\"\" rel=\"nofollow\">In den Warenkorb<\/a>\t<\/div>\r\n\t<\/div>\r\n\t\t<\/div>\r\n\t\t\t<\/div>\r\n\r\n\t<div class=\"product-content\">\r\n\t\t<span class=\"category-list\"><a href=\"https:\/\/www.jeevan-ayurveda.com\/de\/produkt-kategorie\/gesicht\/\" rel=\"tag\">GESICHT<\/a><\/span>\r\n\t\t\t<a class=\"product-loop-title\"  href=\"https:\/\/www.jeevan-ayurveda.com\/de\/produkt\/ageless-rice-camellia-rasayana-cream-oeko-zertifiziert\/\">\r\n\t<h3 class=\"woocommerce-loop-product__title\">Ageless &#8211; Rice &#038; Camellia &#8211; Rasayana cream &#8211; \u00d6ko Zertifiziert<\/h3>\t<\/a>\r\n\t\r\n\t\t\n\t<span class=\"price\"><span class=\"woocommerce-Price-amount amount\"><bdi>65,00<span class=\"woocommerce-Price-currencySymbol\">&euro;<\/span><\/bdi><\/span> <small class=\"woocommerce-price-suffix\">Impuestos inc.<\/small><\/span>\n\r\n\t\t\t<\/div>\r\n<\/div>\r\n<\/li>\r\n\r\n<li class=\"product-col product-outimage_aq_onimage product type-product post-4598 status-publish first instock product_cat-koerper has-post-thumbnail taxable shipping-taxable purchasable product-type-simple\">\r\n<div class=\"product-inner\">\r\n\t\r\n\t<div class=\"product-image\">\r\n\r\n\t\t<a  href=\"https:\/\/www.jeevan-ayurveda.com\/de\/produkt\/lehm-sulfur-myrrhe-natuerliche-seife\/\" aria-label=\"product\">\r\n\t\t\t<div class=\"inner img-effect\"><img loading=\"lazy\" decoding=\"async\" width=\"300\" height=\"300\" src=\"https:\/\/www.jeevan-ayurveda.com\/wp-content\/uploads\/2021\/03\/Clay-Sulfur-Myrrh-300x300.jpg\" class=\" wp-post-image\" alt=\"\" \/><img loading=\"lazy\" decoding=\"async\" width=\"300\" height=\"300\" src=\"https:\/\/www.jeevan-ayurveda.com\/wp-content\/uploads\/2021\/03\/Clay-Sulfur-Myrrh-pastilla-300x300.jpg\" class=\"hover-image\" alt=\"\" \/><\/div>\t\t<\/a>\r\n\t\t\t<div class=\"links-on-image\">\r\n\t\t\t<div class=\"add-links-wrap\">\r\n\t<div class=\"add-links no-effect clearfix\">\r\n\t\t<a href=\"?add-to-cart=4598\" data-quantity=\"1\" class=\"viewcart-style-2 button product_type_simple add_to_cart_button ajax_add_to_cart\" data-product_id=\"4598\" data-product_sku=\"\" aria-label=\"In den Warenkorb legen: \u201eClay, Sulfur &amp; Myrrh - Natural Soap\u201c\" aria-describedby=\"\" rel=\"nofollow\">In den Warenkorb<\/a>\t<\/div>\r\n\t<\/div>\r\n\t\t<\/div>\r\n\t\t\t<\/div>\r\n\r\n\t<div class=\"product-content\">\r\n\t\t<span class=\"category-list\"><a href=\"https:\/\/www.jeevan-ayurveda.com\/de\/produkt-kategorie\/koerper\/\" rel=\"tag\">K\u00d6RPER<\/a><\/span>\r\n\t\t\t<a class=\"product-loop-title\"  href=\"https:\/\/www.jeevan-ayurveda.com\/de\/produkt\/lehm-sulfur-myrrhe-natuerliche-seife\/\">\r\n\t<h3 class=\"woocommerce-loop-product__title\">Clay, Sulfur &#038; Myrrh &#8211; Natural Soap<\/h3>\t<\/a>\r\n\t\r\n\t\t\n\t<span class=\"price\"><span class=\"woocommerce-Price-amount amount\"><bdi>10,90<span class=\"woocommerce-Price-currencySymbol\">&euro;<\/span><\/bdi><\/span> <small class=\"woocommerce-price-suffix\">Impuestos inc.<\/small><\/span>\n\r\n\t\t\t<\/div>\r\n<\/div>\r\n<\/li>\r\n\r\n<li class=\"product-col product-outimage_aq_onimage product type-product post-9604 status-publish instock product_cat-gesicht product_cat-koerper has-post-thumbnail taxable shipping-taxable purchasable product-type-simple\">\r\n<div class=\"product-inner\">\r\n\t\r\n\t<div class=\"product-image\">\r\n\r\n\t\t<a  href=\"https:\/\/www.jeevan-ayurveda.com\/de\/produkt\/kumari-gel-%c2%b7-aloe-vera-roses-herbs\/\" aria-label=\"product\">\r\n\t\t\t<div class=\"inner img-effect\"><img loading=\"lazy\" decoding=\"async\" width=\"300\" height=\"300\" src=\"https:\/\/www.jeevan-ayurveda.com\/wp-content\/uploads\/2026\/02\/Kumari-Gel-Pot-300x300.jpg\" class=\" wp-post-image\" alt=\"\" \/><img loading=\"lazy\" decoding=\"async\" width=\"300\" height=\"300\" src=\"https:\/\/www.jeevan-ayurveda.com\/wp-content\/uploads\/2026\/02\/Kumari-Gel-Pot-i-Caixa-300x300.jpg\" class=\"hover-image\" alt=\"\" \/><\/div>\t\t<\/a>\r\n\t\t\t<div class=\"links-on-image\">\r\n\t\t\t<div class=\"add-links-wrap\">\r\n\t<div class=\"add-links no-effect clearfix\">\r\n\t\t<a href=\"?add-to-cart=9604\" data-quantity=\"1\" class=\"viewcart-style-2 button product_type_simple add_to_cart_button ajax_add_to_cart\" data-product_id=\"9604\" data-product_sku=\"\" aria-label=\"In den Warenkorb legen: \u201eKumari Gel \u00b7 Aloe Vera, Roses &amp; Herbs\u201c\" aria-describedby=\"\" rel=\"nofollow\">In den Warenkorb<\/a>\t<\/div>\r\n\t<\/div>\r\n\t\t<\/div>\r\n\t\t\t<\/div>\r\n\r\n\t<div class=\"product-content\">\r\n\t\t<span class=\"category-list\"><a href=\"https:\/\/www.jeevan-ayurveda.com\/de\/produkt-kategorie\/gesicht\/\" rel=\"tag\">GESICHT<\/a>, <a href=\"https:\/\/www.jeevan-ayurveda.com\/de\/produkt-kategorie\/koerper\/\" rel=\"tag\">K\u00d6RPER<\/a><\/span>\r\n\t\t\t<a class=\"product-loop-title\"  href=\"https:\/\/www.jeevan-ayurveda.com\/de\/produkt\/kumari-gel-%c2%b7-aloe-vera-roses-herbs\/\">\r\n\t<h3 class=\"woocommerce-loop-product__title\">Kumari Gel \u00b7 Aloe Vera, Roses &#038; Herbs<\/h3>\t<\/a>\r\n\t\r\n\t\t\n\t<span class=\"price\"><span class=\"woocommerce-Price-amount amount\"><bdi>54,00<span class=\"woocommerce-Price-currencySymbol\">&euro;<\/span><\/bdi><\/span> <small class=\"woocommerce-price-suffix\">Impuestos inc.<\/small><\/span>\n\r\n\t\t\t<\/div>\r\n<\/div>\r\n<\/li>\r\n\r\n<li class=\"product-col product-outimage_aq_onimage product type-product post-4599 status-publish last instock product_cat-gesicht product_cat-gesichtsreinigung product_cat-koerper has-post-thumbnail taxable shipping-taxable purchasable product-type-simple\">\r\n<div class=\"product-inner\">\r\n\t\r\n\t<div class=\"product-image\">\r\n\r\n\t\t<a  href=\"https:\/\/www.jeevan-ayurveda.com\/de\/produkt\/honig-orange-zimt-natuerliche-seife\/\" aria-label=\"product\">\r\n\t\t\t<div class=\"inner img-effect\"><img loading=\"lazy\" decoding=\"async\" width=\"300\" height=\"300\" src=\"https:\/\/www.jeevan-ayurveda.com\/wp-content\/uploads\/2021\/03\/Honey-Orange-Cinnamon-300x300.jpg\" class=\" wp-post-image\" alt=\"\" \/><img loading=\"lazy\" decoding=\"async\" width=\"300\" height=\"300\" src=\"https:\/\/www.jeevan-ayurveda.com\/wp-content\/uploads\/2021\/03\/Honey-Orange-Cinnamon-pastilla-300x300.jpg\" class=\"hover-image\" alt=\"\" \/><\/div>\t\t<\/a>\r\n\t\t\t<div class=\"links-on-image\">\r\n\t\t\t<div class=\"add-links-wrap\">\r\n\t<div class=\"add-links no-effect clearfix\">\r\n\t\t<a href=\"?add-to-cart=4599\" data-quantity=\"1\" class=\"viewcart-style-2 button product_type_simple add_to_cart_button ajax_add_to_cart\" data-product_id=\"4599\" data-product_sku=\"\" aria-label=\"In den Warenkorb legen: \u201eHonig, Orange &amp; Zimt - Nat\u00fcrliche Seife\u201c\" aria-describedby=\"\" rel=\"nofollow\">In den Warenkorb<\/a>\t<\/div>\r\n\t<\/div>\r\n\t\t<\/div>\r\n\t\t\t<\/div>\r\n\r\n\t<div class=\"product-content\">\r\n\t\t<span class=\"category-list\"><a href=\"https:\/\/www.jeevan-ayurveda.com\/de\/produkt-kategorie\/gesicht\/\" rel=\"tag\">GESICHT<\/a>, <a href=\"https:\/\/www.jeevan-ayurveda.com\/de\/produkt-kategorie\/gesichtsreinigung\/\" rel=\"tag\">GESICHTSREINIGUNG<\/a>, <a href=\"https:\/\/www.jeevan-ayurveda.com\/de\/produkt-kategorie\/koerper\/\" rel=\"tag\">K\u00d6RPER<\/a><\/span>\r\n\t\t\t<a class=\"product-loop-title\"  href=\"https:\/\/www.jeevan-ayurveda.com\/de\/produkt\/honig-orange-zimt-natuerliche-seife\/\">\r\n\t<h3 class=\"woocommerce-loop-product__title\">Honig, Orange &#038; Zimt &#8211; Nat\u00fcrliche Seife<\/h3>\t<\/a>\r\n\t\r\n\t\t\n\t<span class=\"price\"><span class=\"woocommerce-Price-amount amount\"><bdi>10,00<span class=\"woocommerce-Price-currencySymbol\">&euro;<\/span><\/bdi><\/span> <small class=\"woocommerce-price-suffix\">Impuestos inc.<\/small><\/span>\n\r\n\t\t\t<\/div>\r\n<\/div>\r\n<\/li>\r\n\r\n<li class=\"product-col product-outimage_aq_onimage product type-product post-8980 status-publish first instock product_cat-artikel-fuer-die-schoenheit product_cat-koerper has-post-thumbnail taxable shipping-taxable purchasable product-type-simple\">\r\n<div class=\"product-inner\">\r\n\t\r\n\t<div class=\"product-image\">\r\n\r\n\t\t<a  href=\"https:\/\/www.jeevan-ayurveda.com\/de\/produkt\/8980\/\" aria-label=\"product\">\r\n\t\t\t<div class=\"inner\"><img loading=\"lazy\" decoding=\"async\" width=\"300\" height=\"300\" src=\"https:\/\/www.jeevan-ayurveda.com\/wp-content\/uploads\/2025\/06\/Natural-Agate-Mala-Bracelet-1-300x300.jpg\" class=\" wp-post-image\" alt=\"\" \/><\/div>\t\t<\/a>\r\n\t\t\t<div class=\"links-on-image\">\r\n\t\t\t<div class=\"add-links-wrap\">\r\n\t<div class=\"add-links no-effect clearfix\">\r\n\t\t<a href=\"?add-to-cart=8980\" data-quantity=\"1\" class=\"viewcart-style-2 button product_type_simple add_to_cart_button ajax_add_to_cart\" data-product_id=\"8980\" data-product_sku=\"\" aria-label=\"In den Warenkorb legen: \u201eGelber Achat Mala 108+1 Perlen\u201c\" aria-describedby=\"\" rel=\"nofollow\">In den Warenkorb<\/a>\t<\/div>\r\n\t<\/div>\r\n\t\t<\/div>\r\n\t\t\t<\/div>\r\n\r\n\t<div class=\"product-content\">\r\n\t\t<span class=\"category-list\"><a href=\"https:\/\/www.jeevan-ayurveda.com\/de\/produkt-kategorie\/artikel-fuer-die-schoenheit\/\" rel=\"tag\">ARTIKEL F\u00dcR DIE SCH\u00d6NHEIT<\/a>, <a href=\"https:\/\/www.jeevan-ayurveda.com\/de\/produkt-kategorie\/koerper\/\" rel=\"tag\">K\u00d6RPER<\/a><\/span>\r\n\t\t\t<a class=\"product-loop-title\"  href=\"https:\/\/www.jeevan-ayurveda.com\/de\/produkt\/8980\/\">\r\n\t<h3 class=\"woocommerce-loop-product__title\">Gelber Achat Mala 108+1 Perlen<\/h3>\t<\/a>\r\n\t\r\n\t\t\n\t<span class=\"price\"><span class=\"woocommerce-Price-amount amount\"><bdi>54,00<span class=\"woocommerce-Price-currencySymbol\">&euro;<\/span><\/bdi><\/span> <small class=\"woocommerce-price-suffix\">Impuestos inc.<\/small><\/span>\n\r\n\t\t\t<\/div>\r\n<\/div>\r\n<\/li>\r\n\r\n<li class=\"product-col product-outimage_aq_onimage product type-product post-6558 status-publish outofstock product_cat-artikel-fuer-die-schoenheit product_cat-gesicht product_cat-koerper has-post-thumbnail taxable shipping-taxable purchasable product-type-simple\">\r\n<div class=\"product-inner\">\r\n\t\r\n\t<div class=\"product-image\">\r\n\r\n\t\t<a  href=\"https:\/\/www.jeevan-ayurveda.com\/de\/produkt\/kansa-vakti-bowl\/\" aria-label=\"product\">\r\n\t\t\t<div class=\"stock out-of-stock\">Nicht vorr\u00e4tig<\/div><div class=\"inner\"><img loading=\"lazy\" decoding=\"async\" width=\"300\" height=\"300\" src=\"https:\/\/www.jeevan-ayurveda.com\/wp-content\/uploads\/2022\/08\/Bol-300x300.jpg\" class=\" wp-post-image\" alt=\"\" \/><\/div>\t\t<\/a>\r\n\t\t\t<div class=\"links-on-image\">\r\n\t\t\t<div class=\"add-links-wrap\">\r\n\t<div class=\"add-links no-effect clearfix\">\r\n\t\t<a href=\"https:\/\/www.jeevan-ayurveda.com\/de\/produkt\/kansa-vakti-bowl\/\" data-quantity=\"1\" class=\"viewcart-style-2 button product_type_simple add_to_cart_read_more\" data-product_id=\"6558\" data-product_sku=\"\" aria-label=\"Lese mehr \u00fcber &#8222;Kansa Vakti Bowl&#8220;\" aria-describedby=\"\" rel=\"nofollow\">Weiterlesen<\/a>\t<\/div>\r\n\t<\/div>\r\n\t\t<\/div>\r\n\t\t\t<\/div>\r\n\r\n\t<div class=\"product-content\">\r\n\t\t<span class=\"category-list\"><a href=\"https:\/\/www.jeevan-ayurveda.com\/de\/produkt-kategorie\/artikel-fuer-die-schoenheit\/\" rel=\"tag\">ARTIKEL F\u00dcR DIE SCH\u00d6NHEIT<\/a>, <a href=\"https:\/\/www.jeevan-ayurveda.com\/de\/produkt-kategorie\/gesicht\/\" rel=\"tag\">GESICHT<\/a>, <a href=\"https:\/\/www.jeevan-ayurveda.com\/de\/produkt-kategorie\/koerper\/\" rel=\"tag\">K\u00d6RPER<\/a><\/span>\r\n\t\t\t<a class=\"product-loop-title\"  href=\"https:\/\/www.jeevan-ayurveda.com\/de\/produkt\/kansa-vakti-bowl\/\">\r\n\t<h3 class=\"woocommerce-loop-product__title\">Kansa Vakti Bowl<\/h3>\t<\/a>\r\n\t\r\n\t\t\n\t<span class=\"price\"><span class=\"woocommerce-Price-amount amount\"><bdi>54,00<span class=\"woocommerce-Price-currencySymbol\">&euro;<\/span><\/bdi><\/span> <small class=\"woocommerce-price-suffix\">Impuestos inc.<\/small><\/span>\n\r\n\t\t\t<\/div>\r\n<\/div>\r\n<\/li>\r\n\r\n<li class=\"product-col product-outimage_aq_onimage product type-product post-4586 status-publish last instock product_cat-gesichtsreinigung product_cat-tees has-post-thumbnail taxable shipping-taxable purchasable product-type-simple\">\r\n<div class=\"product-inner\">\r\n\t\r\n\t<div class=\"product-image\">\r\n\r\n\t\t<a  href=\"https:\/\/www.jeevan-ayurveda.com\/de\/produkt\/kapha-moringa-tea-oeko-zertifizert\/\" aria-label=\"product\">\r\n\t\t\t<div class=\"inner img-effect\"><img loading=\"lazy\" decoding=\"async\" width=\"300\" height=\"300\" src=\"https:\/\/www.jeevan-ayurveda.com\/wp-content\/uploads\/2021\/03\/Kapha-Tea-Fons-Blanc-002-300x300.jpg\" class=\" wp-post-image\" alt=\"\" \/><img loading=\"lazy\" decoding=\"async\" width=\"300\" height=\"300\" src=\"https:\/\/www.jeevan-ayurveda.com\/wp-content\/uploads\/2021\/03\/Kapha-Tea-002-300x300.jpg\" class=\"hover-image\" alt=\"\" \/><\/div>\t\t<\/a>\r\n\t\t\t<div class=\"links-on-image\">\r\n\t\t\t<div class=\"add-links-wrap\">\r\n\t<div class=\"add-links no-effect clearfix\">\r\n\t\t<a href=\"?add-to-cart=4586\" data-quantity=\"1\" class=\"viewcart-style-2 button product_type_simple add_to_cart_button ajax_add_to_cart\" data-product_id=\"4586\" data-product_sku=\"\" aria-label=\"In den Warenkorb legen: \u201eKapha Moringa Tea - \u00d6ko Zertifizert\u201c\" aria-describedby=\"\" rel=\"nofollow\">In den Warenkorb<\/a>\t<\/div>\r\n\t<\/div>\r\n\t\t<\/div>\r\n\t\t\t<\/div>\r\n\r\n\t<div class=\"product-content\">\r\n\t\t<span class=\"category-list\"><a href=\"https:\/\/www.jeevan-ayurveda.com\/de\/produkt-kategorie\/gesichtsreinigung\/\" rel=\"tag\">GESICHTSREINIGUNG<\/a>, <a href=\"https:\/\/www.jeevan-ayurveda.com\/de\/produkt-kategorie\/tees\/\" rel=\"tag\">TEES<\/a><\/span>\r\n\t\t\t<a class=\"product-loop-title\"  href=\"https:\/\/www.jeevan-ayurveda.com\/de\/produkt\/kapha-moringa-tea-oeko-zertifizert\/\">\r\n\t<h3 class=\"woocommerce-loop-product__title\">Kapha Moringa Tea &#8211; \u00d6ko Zertifizert<\/h3>\t<\/a>\r\n\t\r\n\t\t\n\t<span class=\"price\"><span class=\"woocommerce-Price-amount amount\"><bdi>11,50<span class=\"woocommerce-Price-currencySymbol\">&euro;<\/span><\/bdi><\/span> <small class=\"woocommerce-price-suffix\">Impuestos inc.<\/small><\/span>\n\r\n\t\t\t<\/div>\r\n<\/div>\r\n<\/li>\r\n\r\n<li class=\"product-col product-outimage_aq_onimage product type-product post-9067 status-publish first instock product_cat-artikel-fuer-die-schoenheit has-post-thumbnail featured taxable shipping-taxable purchasable product-type-simple\">\r\n<div class=\"product-inner\">\r\n\t\r\n\t<div class=\"product-image\">\r\n\r\n\t\t<a  href=\"https:\/\/www.jeevan-ayurveda.com\/de\/produkt\/amber-sandelholz-kerze\/\" aria-label=\"product\">\r\n\t\t\t<div class=\"labels\"><div class=\"onhot\">Nuevo<\/div><\/div><div class=\"inner\"><img loading=\"lazy\" decoding=\"async\" width=\"300\" height=\"300\" src=\"https:\/\/www.jeevan-ayurveda.com\/wp-content\/uploads\/2025\/06\/Vela-Amber-Sandalwood-002-300x300.jpg\" class=\" wp-post-image\" alt=\"\" \/><\/div>\t\t<\/a>\r\n\t\t\t<div class=\"links-on-image\">\r\n\t\t\t<div class=\"add-links-wrap\">\r\n\t<div class=\"add-links no-effect clearfix\">\r\n\t\t<a href=\"?add-to-cart=9067\" data-quantity=\"1\" class=\"viewcart-style-2 button product_type_simple add_to_cart_button ajax_add_to_cart\" data-product_id=\"9067\" data-product_sku=\"\" aria-label=\"In den Warenkorb legen: \u201eAmber &amp; Sandelholz Kerze\u201c\" aria-describedby=\"\" rel=\"nofollow\">In den Warenkorb<\/a>\t<\/div>\r\n\t<\/div>\r\n\t\t<\/div>\r\n\t\t\t<\/div>\r\n\r\n\t<div class=\"product-content\">\r\n\t\t<span class=\"category-list\"><a href=\"https:\/\/www.jeevan-ayurveda.com\/de\/produkt-kategorie\/artikel-fuer-die-schoenheit\/\" rel=\"tag\">ARTIKEL F\u00dcR DIE SCH\u00d6NHEIT<\/a><\/span>\r\n\t\t\t<a class=\"product-loop-title\"  href=\"https:\/\/www.jeevan-ayurveda.com\/de\/produkt\/amber-sandelholz-kerze\/\">\r\n\t<h3 class=\"woocommerce-loop-product__title\">Amber &#038; Sandelholz Kerze<\/h3>\t<\/a>\r\n\t\r\n\t\t\n\t<span class=\"price\"><span class=\"woocommerce-Price-amount amount\"><bdi>31,00<span class=\"woocommerce-Price-currencySymbol\">&euro;<\/span><\/bdi><\/span> <small class=\"woocommerce-price-suffix\">Impuestos inc.<\/small><\/span>\n\r\n\t\t\t<\/div>\r\n<\/div>\r\n<\/li>\r\n<\/ul>\r\n<\/div><\/div><\/div>[vc_empty_space height=&#8220;64px&#8220;][\/vc_column][\/vc_row][vc_row css=&#8220;.vc_custom_1611668140594{padding-top: 32px !important;padding-bottom: 24px !important;background-color: #f1f1f1 !important;}&#8220;][vc_column width=&#8220;1\/4&#8243;][\/vc_column][vc_column width=&#8220;1\/4&#8243;]<div class=\"porto-sicon-box  wpb_custom_1efe903570d178ff0a9b7bfa5febd3a4 style_1 default-icon\"><div class=\"porto-sicon-default\"><div class=\"porto-just-icon-wrapper porto-icon none\" style=\"color:#273185;font-size:48px;\"><i class=\"fas fa-shipping-fast\"><\/i><\/div><\/div><div class=\"porto-sicon-header\"><h4 class=\"porto-sicon-title\" style=\"font-weight:600;font-size:15px;letter-spacing:1px;color:#666666;\">FREIE LIEFERUNG<\/h4><p style=\"font-size:12px;color:#666666;\">Bestellungen ab \u20ac 220<\/p><\/div> <!-- header --><\/div><!-- porto-sicon-box -->[\/vc_column][vc_column width=&#8220;1\/4&#8243;]<div class=\"porto-sicon-box  wpb_custom_1efe903570d178ff0a9b7bfa5febd3a4 style_1 default-icon\"><div class=\"porto-sicon-default\"><div class=\"porto-just-icon-wrapper porto-icon none\" style=\"color:#273185;font-size:48px;\"><i class=\"far fa-check-circle\"><\/i><\/div><\/div><div class=\"porto-sicon-header\"><h4 class=\"porto-sicon-title\" style=\"font-weight:600;font-size:15px;letter-spacing:1px;color:#666666;\">QUALIT\u00c4TSGARANTIE<\/h4><p style=\"font-size:12px;color:#666666;\">Qualit\u00e4tsprodukte<\/p><\/div> <!-- header --><\/div><!-- porto-sicon-box -->[\/vc_column][vc_column width=&#8220;1\/4&#8243;][\/vc_column][\/vc_row][\/vc_section][vc_section][vc_row][vc_column][vc_empty_space height=&#8220;96px&#8220;]<div class=\"porto-u-heading  wpb_custom_95aa9a11c17ad45cfabaf210d84ee7cc porto-u-2986\"><div class=\"porto-u-main-heading\"><h2   style=\"font-family:Playfair Display; font-weight:700; font-style:italic; color:#666666;font-size:42px;\">Neueste Nachrichten<\/h2><\/div><style>.porto-u-2986.porto-u-heading{text-align:left}<\/style><\/div>[vc_column_text]<span style=\"font-size: 16px;\">Vers\u00e4ume keine unserer Neuheiten.<\/span>[\/vc_column_text][vc_separator color=&#8220;custom&#8220; border_width=&#8220;2&#8243; gap=&#8220;short&#8220; accent_color=&#8220;#273185&#8243;][vc_empty_space][\/vc_column][\/vc_row][vc_row][vc_column]<div id=\"porto-blog-5864\" class=\"porto-blog wpb_content_element  ja-blog-home  wpb_custom_9c745ac33a8bb4820cfc6b89805915cc\">\t\t<div class=\"blog-posts posts-grid blog-posts-date\">\r\n\t\t\t<div class=\"posts-container row\">\r\n\t\t\r\n<article class=\"post post-grid col-md-6 post-title-simple post-9640 post type-post status-publish format-standard has-post-thumbnail hentry category-unkategorisiert\">\r\n\t<div class=\"grid-box\">\r\n\t\t\t<div class=\"post-image single\">\r\n\t\t<div class=\"post-slideshow porto-carousel owl-carousel has-ccols ccols-1  nav-inside nav-inside-center nav-style-2 show-nav-hover\" data-plugin-options='{\"nav\":true}'>\r\n\t\t\t\t\t\t\t\t\t\t\t<a href=\"https:\/\/www.jeevan-ayurveda.com\/de\/2026\/03\/30\/kopfhaut-und-das-element-feuer\/\" aria-label=\"post image\">\r\n\t\t\t\t\t\t\t\t<div class=\"img-thumbnail\">\r\n\t\t\t\t\t\t<img loading=\"lazy\" decoding=\"async\" width=\"640\" height=\"480\" src=\"https:\/\/www.jeevan-ayurveda.com\/wp-content\/uploads\/2026\/03\/Aplicacio-Kumari-Gel-002-640x480.jpg\" class=\"owl-lazy img-responsive\" alt=\"\" srcset=\"https:\/\/www.jeevan-ayurveda.com\/wp-content\/uploads\/2026\/03\/Aplicacio-Kumari-Gel-002-640x480.jpg 640w, https:\/\/www.jeevan-ayurveda.com\/wp-content\/uploads\/2026\/03\/Aplicacio-Kumari-Gel-002-463x348.jpg 463w, https:\/\/www.jeevan-ayurveda.com\/wp-content\/uploads\/2026\/03\/Aplicacio-Kumari-Gel-002-400x300.jpg 400w\" sizes=\"(max-width: 640px) 100vw, 640px\" \/>\t\t\t\t\t\t\t\t\t\t\t\t\t<span class=\"zoom\" data-src=\"https:\/\/www.jeevan-ayurveda.com\/wp-content\/uploads\/2026\/03\/Aplicacio-Kumari-Gel-002.jpg\" data-title=\"\"><i class=\"fas fa-search\"><\/i><\/span>\r\n\t\t\t\t\t\t\t\t\t\t\t<\/div>\r\n\t\t\t\t\t\t\t\t<\/a>\r\n\t\t\t\t\t\t\t\t<\/div>\r\n\t\t\r\n\t\t\t\t\t\t\t\t<div class=\"post-date\"><span class=\"day\">30<\/span><span class=\"month\">M\u00e4rz<\/span><time datetime=\"2026-03-30\">30 de M\u00e4rz de 2026<\/time><\/div>\t\t\t<\/div>\r\n\t\r\n\t\t<!-- Post meta before content -->\r\n\t\t\t\t<div class=\"post-content\">\r\n\r\n\t\t\t<h4 class=\"entry-title\"><a href=\"https:\/\/www.jeevan-ayurveda.com\/de\/2026\/03\/30\/kopfhaut-und-das-element-feuer\/\">Kopfhaut und das Element Feuer<\/a><\/h4>\r\n\t\t\t<span class=\"vcard\" style=\"display: none;\"><span class=\"fn\"><a href=\"https:\/\/www.jeevan-ayurveda.com\/de\/author\/jeevanayurveda\/\" title=\"Beitr\u00e4ge von Jeevan Ayurveda\" rel=\"author\">Jeevan Ayurveda<\/a><\/span><\/span><span class=\"updated\" style=\"display:none\">2026-03-30T14:09:54+02:00<\/span><p class=\"post-excerpt\">\r\n\r\n\r\n\r\n\r\n\r\n\r\nLaut dem Ayurveda haben Juckreiz auf der Kopfhaut und Haarausfall ihren Ursprung in einem \u00dcberschuss des Feuerelements.Eine Redewendung bringt es...<\/p>\t\t\t\t\t<\/div>\r\n\t\t<!-- Post meta after content -->\r\n\t\t<div class=\"post-meta\"><\/div>\t\t<div class=\"clearfix\">\r\n\t\t\t<a class=\"btn btn-xs btn-default text-xs text-uppercase btn-readmore\" href=\"https:\/\/www.jeevan-ayurveda.com\/de\/2026\/03\/30\/kopfhaut-und-das-element-feuer\/\">Lesen Sie mehr...<\/a>\r\n\t\t<\/div>\r\n\t<\/div>\r\n<\/article>\r\n\r\n<article class=\"post post-grid col-md-6 post-title-simple post-9622 post type-post status-publish format-standard has-post-thumbnail hentry category-salud-de\">\r\n\t<div class=\"grid-box\">\r\n\t\t\t<div class=\"post-image single\">\r\n\t\t<div class=\"post-slideshow porto-carousel owl-carousel has-ccols ccols-1  nav-inside nav-inside-center nav-style-2 show-nav-hover\" data-plugin-options='{\"nav\":true}'>\r\n\t\t\t\t\t\t\t\t\t\t\t<a href=\"https:\/\/www.jeevan-ayurveda.com\/de\/2026\/03\/05\/vor-dem-fruehling-entgifte-dich\/\" aria-label=\"post image\">\r\n\t\t\t\t\t\t\t\t<div class=\"img-thumbnail\">\r\n\t\t\t\t\t\t<img loading=\"lazy\" decoding=\"async\" width=\"640\" height=\"480\" src=\"https:\/\/www.jeevan-ayurveda.com\/wp-content\/uploads\/2026\/03\/Bodego_-Nirama-640x480.jpg\" class=\"owl-lazy img-responsive\" alt=\"\" srcset=\"https:\/\/www.jeevan-ayurveda.com\/wp-content\/uploads\/2026\/03\/Bodego_-Nirama-640x480.jpg 640w, https:\/\/www.jeevan-ayurveda.com\/wp-content\/uploads\/2026\/03\/Bodego_-Nirama-463x348.jpg 463w, https:\/\/www.jeevan-ayurveda.com\/wp-content\/uploads\/2026\/03\/Bodego_-Nirama-400x300.jpg 400w\" sizes=\"(max-width: 640px) 100vw, 640px\" \/>\t\t\t\t\t\t\t\t\t\t\t\t\t<span class=\"zoom\" data-src=\"https:\/\/www.jeevan-ayurveda.com\/wp-content\/uploads\/2026\/03\/Bodego_-Nirama.jpg\" data-title=\"\"><i class=\"fas fa-search\"><\/i><\/span>\r\n\t\t\t\t\t\t\t\t\t\t\t<\/div>\r\n\t\t\t\t\t\t\t\t<\/a>\r\n\t\t\t\t\t\t\t\t<\/div>\r\n\t\t\r\n\t\t\t\t\t\t\t\t<div class=\"post-date\"><span class=\"day\">05<\/span><span class=\"month\">M\u00e4rz<\/span><time datetime=\"2026-03-05\">5 de M\u00e4rz de 2026<\/time><\/div>\t\t\t<\/div>\r\n\t\r\n\t\t<!-- Post meta before content -->\r\n\t\t\t\t<div class=\"post-content\">\r\n\r\n\t\t\t<h4 class=\"entry-title\"><a href=\"https:\/\/www.jeevan-ayurveda.com\/de\/2026\/03\/05\/vor-dem-fruehling-entgifte-dich\/\">Vor dem Fr\u00fchling: Entgifte dich<\/a><\/h4>\r\n\t\t\t<span class=\"vcard\" style=\"display: none;\"><span class=\"fn\"><a href=\"https:\/\/www.jeevan-ayurveda.com\/de\/author\/jeevanayurveda\/\" title=\"Beitr\u00e4ge von Jeevan Ayurveda\" rel=\"author\">Jeevan Ayurveda<\/a><\/span><\/span><span class=\"updated\" style=\"display:none\">2026-03-05T13:00:23+01:00<\/span><p class=\"post-excerpt\">Laut dem Ayurveda neigen Krankheiten dazu, beim \u00dcbergang der Jahreszeiten aufzutreten. Das liegt daran, dass sich der K\u00f6rper an die...<\/p>\t\t\t\t\t<\/div>\r\n\t\t<!-- Post meta after content -->\r\n\t\t<div class=\"post-meta\"><\/div>\t\t<div class=\"clearfix\">\r\n\t\t\t<a class=\"btn btn-xs btn-default text-xs text-uppercase btn-readmore\" href=\"https:\/\/www.jeevan-ayurveda.com\/de\/2026\/03\/05\/vor-dem-fruehling-entgifte-dich\/\">Lesen Sie mehr...<\/a>\r\n\t\t<\/div>\r\n\t<\/div>\r\n<\/article>\r\n\r\n\t\r\n\t\t\t<\/div>\r\n\t\t<\/div>\r\n\r\n\t\r\n\t\r\n\t<\/div>[vc_empty_space height=&#8220;64px&#8220;][\/vc_column][\/vc_row][\/vc_section][vc_section full_width=&#8220;stretch_row_content&#8220; disable_element=&#8220;yes&#8220;][vc_row no_padding=&#8220;yes&#8220;][vc_column]<a class=\"porto-sicon-box-link\" href=\"https:\/\/www.instagram.com\/jeevan_ayurveda_cosmetics\" target='_blank' rel='nofollow'><div class=\"porto-sicon-box  vc_custom_1611670444945 mb-0 background-color-dark-transparent pc-follow-instagram porto-ibanner-layer position-relative  wpb_custom_1efe903570d178ff0a9b7bfa5febd3a4 style_3 top-icon\"><div class=\"porto-sicon-top\"><div class=\"porto-just-icon-wrapper porto-icon none\" style=\"color:#ffffff;font-size:50px;\"><i class=\"fab fa-instagram\"><\/i><\/div><\/div><div class=\"porto-sicon-header\"><h2 class=\"porto-sicon-title\" style=\"font-size:2.125em;line-height:1.1;color:#ffffff;\">S\u00edguenos en Instagram<\/h2><p style=\"font-weight:400;font-size:.8125em;line-height:1.8;letter-spacing:.005em;color:rgba(255,255,255,0.7);\">@jeevan_ayurveda_cosmetics<\/p><\/div> <!-- header --><\/div><!-- porto-sicon-box --><\/a><div class=\"porto-carousel owl-carousel has-ccols ccols-xl-6 ccols-lg-5 ccols-md-4 ccols-sm-3 ccols-2 mb-0 wpb_custom_c86c2fb53cae9eced42d4b8900a042f3\" data-plugin-options=\"{&quot;themeConfig&quot;:true,&quot;stagePadding&quot;:0,&quot;margin&quot;:0,&quot;autoplay&quot;:false,&quot;mouseDrag&quot;:true,&quot;touchDrag&quot;:true,&quot;autoplayTimeout&quot;:5000,&quot;autoplayHoverPause&quot;:false,&quot;items&quot;:6,&quot;xl&quot;:6,&quot;lg&quot;:5,&quot;md&quot;:4,&quot;sm&quot;:3,&quot;xs&quot;:2,&quot;nav&quot;:false,&quot;dots&quot;:false,&quot;animateIn&quot;:&quot;&quot;,&quot;animateOut&quot;:&quot;&quot;,&quot;loop&quot;:false,&quot;center&quot;:false,&quot;video&quot;:false,&quot;lazyLoad&quot;:false,&quot;fullscreen&quot;:false}\">[vc_single_image image=&#8220;2610&#8243; img_size=&#8220;300&#215;300&#8243; el_class=&#8220;mb-0&#8243;][vc_single_image image=&#8220;2613&#8243; img_size=&#8220;300&#215;300&#8243; el_class=&#8220;mb-0&#8243;][vc_single_image image=&#8220;2612&#8243; img_size=&#8220;300&#215;300&#8243; el_class=&#8220;mb-0&#8243;][vc_single_image image=&#8220;2611&#8243; img_size=&#8220;300&#215;300&#8243; el_class=&#8220;mb-0&#8243;][vc_single_image image=&#8220;2614&#8243; img_size=&#8220;300&#215;300&#8243; el_class=&#8220;mb-0&#8243;][vc_single_image image=&#8220;2615&#8243; img_size=&#8220;300&#215;300&#8243; el_class=&#8220;mb-0&#8243;]<\/div>[\/vc_column][\/vc_row][\/vc_section][vc_section disable_element=&#8220;yes&#8220;][vc_row][vc_column width=&#8220;1\/2&#8243;][vc_empty_space height=&#8220;96px&#8220;]<div class=\"porto-u-heading  wpb_custom_95aa9a11c17ad45cfabaf210d84ee7cc porto-u-8815\"><div class=\"porto-u-main-heading\"><h2   style=\"font-family:Playfair Display; font-weight:700; font-style:italic; color:#666666;font-size:42px;\">Suscr\u00edbete a nuestra newsletter<\/h2><\/div><style>.porto-u-8815.porto-u-heading{text-align:left}<\/style><\/div>[\/vc_column][vc_column width=&#8220;1\/2&#8243;][vc_empty_space height=&#8220;96px&#8220;]<p class=\"wpcf7-contact-form-not-found\"><strong>Fehler:<\/strong> Kontaktformular wurde nicht gefunden.<\/p>[vc_empty_space height=&#8220;96px&#8220;][\/vc_column][\/vc_row][\/vc_section]<\/p>\n<\/div>","protected":false},"excerpt":{"rendered":"<p>[vc_row][vc_column][\/vc_column][\/vc_row][vc_row][vc_column][vc_empty_space height=&#8220;72px&#8220;][vc_empty_space height=&#8220;24px&#8220;][vc_empty_space height=&#8220;24px&#8220;][vc_empty_space height=&#8220;96px&#8220;][\/vc_column][\/vc_row][vc_row equal_height=&#8220;yes&#8220; content_placement=&#8220;middle&#8220;][vc_column width=&#8220;1\/2&#8243;][vc_single_image image=&#8220;3339&#8243; img_size=&#8220;full&#8220; alignment=&#8220;center&#8220;][\/vc_column][vc_column width=&#8220;1\/2&#8243; el_class=&#8220;ja-block-padding ja-block-padding-left&#8220;][vc_column_text]Vor einigen Jahren, als ich nach Indien reiste, ein Land, das mich schon immer fasziniert hatte, fragte ich mich, wieso diese asiatischen Frauen, so aussergew\u00f6hnlich sch\u00f6n, strahlend und anmutig waren.[\/vc_column_text][\/vc_column][\/vc_row][vc_row][vc_column][vc_empty_space height=&#8220;96px&#8220;][vc_column_text] Die einzigartige Kombination dieser f\u00fcnf Elemente (Raum, Luft, Feuer, Wasser und [&hellip;]<\/p>\n","protected":false},"author":1,"featured_media":0,"parent":0,"menu_order":0,"comment_status":"closed","ping_status":"closed","template":"","meta":{"footnotes":""},"class_list":["post-3565","page","type-page","status-publish","hentry"],"_links":{"self":[{"href":"https:\/\/www.jeevan-ayurveda.com\/de\/wp-json\/wp\/v2\/pages\/3565"}],"collection":[{"href":"https:\/\/www.jeevan-ayurveda.com\/de\/wp-json\/wp\/v2\/pages"}],"about":[{"href":"https:\/\/www.jeevan-ayurveda.com\/de\/wp-json\/wp\/v2\/types\/page"}],"author":[{"embeddable":true,"href":"https:\/\/www.jeevan-ayurveda.com\/de\/wp-json\/wp\/v2\/users\/1"}],"replies":[{"embeddable":true,"href":"https:\/\/www.jeevan-ayurveda.com\/de\/wp-json\/wp\/v2\/comments?post=3565"}],"version-history":[{"count":29,"href":"https:\/\/www.jeevan-ayurveda.com\/de\/wp-json\/wp\/v2\/pages\/3565\/revisions"}],"predecessor-version":[{"id":9664,"href":"https:\/\/www.jeevan-ayurveda.com\/de\/wp-json\/wp\/v2\/pages\/3565\/revisions\/9664"}],"wp:attachment":[{"href":"https:\/\/www.jeevan-ayurveda.com\/de\/wp-json\/wp\/v2\/media?parent=3565"}],"curies":[{"name":"wp","href":"https:\/\/api.w.org\/{rel}","templated":true}]}}